{"id":1787,"date":"2023-11-22T13:51:15","date_gmt":"2023-11-22T12:51:15","guid":{"rendered":"https:\/\/caletasuites.com\/?page_id=1787"},"modified":"2026-04-29T11:17:14","modified_gmt":"2026-04-29T09:17:14","slug":"galeria-apartamento-2-hab-planta-0-vista-montana","status":"publish","type":"page","link":"https:\/\/caletasuitestenerife.com\/es\/galeria-apartamento-2-hab-planta-0-vista-montana\/","title":{"rendered":"Galer\u00eda Apartamento 2 hab | planta 0 | vista monta\u00f1a\u200b\u200b"},"content":{"rendered":"\t\t<div data-elementor-type=\"wp-page\" data-elementor-id=\"1787\" class=\"elementor elementor-1787\" data-elementor-post-type=\"page\">\n\t\t\t\t<div class=\"elementor-element elementor-element-4bc00c4 e-flex e-con-boxed e-con e-parent\" data-id=\"4bc00c4\" data-element_type=\"container\" data-e-type=\"container\">\n\t\t\t\t\t<div class=\"e-con-inner\">\n\t\t\t\t<div class=\"elementor-element elementor-element-79b73cc elementor-widget elementor-widget-heading\" data-id=\"79b73cc\" data-element_type=\"widget\" data-e-type=\"widget\" data-widget_type=\"heading.default\">\n\t\t\t\t<div class=\"elementor-widget-container\">\n\t\t\t\t\t<h1 class=\"elementor-heading-title elementor-size-default\">Galer\u00eda Caleta Suites Tenerife<\/h1>\t\t\t\t<\/div>\n\t\t\t\t<\/div>\n\t\t\t\t<div class=\"elementor-element elementor-element-cdfa1c2 elementor-widget elementor-widget-heading\" data-id=\"cdfa1c2\" data-element_type=\"widget\" data-e-type=\"widget\" data-widget_type=\"heading.default\">\n\t\t\t\t<div class=\"elementor-widget-container\">\n\t\t\t\t\t<p class=\"elementor-heading-title elementor-size-default\">Apartamento 2 hab | planta 0 | vista monta\u00f1a<\/p>\t\t\t\t<\/div>\n\t\t\t\t<\/div>\n\t\t\t\t<div class=\"elementor-element elementor-element-5657fa3 elementor-widget elementor-widget-hub_fancy_heading lqd-el-has-inner-anim\" data-id=\"5657fa3\" data-element_type=\"widget\" data-e-type=\"widget\" data-settings=\"{&quot;enable_split&quot;:&quot;true&quot;,&quot;split_type&quot;:&quot;lines&quot;}\" data-widget_type=\"hub_fancy_heading.default\">\n\t\t\t\t<div class=\"elementor-widget-container\">\n\t\t\t\t\t\n\t\t<div id=\"ld-fancy-heading-69f5a20a7abb5\" class=\"ld-fancy-heading pos-rel\">\n\t\t\t<p class=\"ld-fh-element d-inline-block pos-rel  lqd-highlight-classic lqd-highlight-grow-left lqd-split-lines p\"  data-split-text=\"true\" data-split-options='{\"type\":\"lines\"}'> Descubre la sofisticaci\u00f3n en nuestros apartamentos de lujo, donde cada detalle ha sido cuidadosamente elegido. <\/p>\t\t<\/div>\n\n\t\t\t\t\t\t<\/div>\n\t\t\t\t<\/div>\n\t\t\t\t<div class=\"elementor-element elementor-element-ff8b1e1 gallery-spacing-custom elementor-widget elementor-widget-image-gallery\" data-id=\"ff8b1e1\" data-element_type=\"widget\" data-e-type=\"widget\" data-widget_type=\"image-gallery.default\">\n\t\t\t\t<div class=\"elementor-widget-container\">\n\t\t\t\t\t\t\t<div class=\"elementor-image-gallery\">\n\t\t\t<div id='gallery-1' class='gallery galleryid-1787 gallery-columns-3 gallery-size-full'><figure class='gallery-item'>\n\t\t\t<div class='gallery-icon landscape'>\n\t\t\t\t<a data-elementor-open-lightbox=\"yes\" data-elementor-lightbox-slideshow=\"ff8b1e1\" data-elementor-lightbox-title=\"apto-04-1\" data-e-action-hash=\"#elementor-action%3Aaction%3Dlightbox%26settings%3DeyJpZCI6Mzc0NywidXJsIjoiaHR0cHM6XC9cL2NhbGV0YXN1aXRlc3RlbmVyaWZlLmNvbVwvd3AtY29udGVudFwvdXBsb2Fkc1wvMjAyNFwvMDNcL2FwdG8tMDQtMS53ZWJwIiwic2xpZGVzaG93IjoiZmY4YjFlMSJ9\" href='https:\/\/caletasuitestenerife.com\/wp-content\/uploads\/2024\/03\/apto-04-1.webp'><img fetchpriority=\"high\" decoding=\"async\" width=\"1920\" height=\"1440\" src=\"https:\/\/caletasuitestenerife.com\/wp-content\/uploads\/2024\/03\/apto-04-1.webp\" class=\"attachment-full size-full\" alt=\"\" srcset=\"https:\/\/caletasuitestenerife.com\/wp-content\/uploads\/2024\/03\/apto-04-1.webp 1920w, https:\/\/caletasuitestenerife.com\/wp-content\/uploads\/2024\/03\/apto-04-1-300x225.webp 300w, https:\/\/caletasuitestenerife.com\/wp-content\/uploads\/2024\/03\/apto-04-1-1024x768.webp 1024w\" sizes=\"(max-width: 1920px) 100vw, 1920px\" \/><\/a>\n\t\t\t<\/div><\/figure><figure class='gallery-item'>\n\t\t\t<div class='gallery-icon landscape'>\n\t\t\t\t<a data-elementor-open-lightbox=\"yes\" data-elementor-lightbox-slideshow=\"ff8b1e1\" data-elementor-lightbox-title=\"56\" data-e-action-hash=\"#elementor-action%3Aaction%3Dlightbox%26settings%3DeyJpZCI6NjUwMiwidXJsIjoiaHR0cHM6XC9cL2NhbGV0YXN1aXRlc3RlbmVyaWZlLmNvbVwvd3AtY29udGVudFwvdXBsb2Fkc1wvMjAyNlwvMDRcLzU2LmpwZyIsInNsaWRlc2hvdyI6ImZmOGIxZTEifQ%3D%3D\" href='https:\/\/caletasuitestenerife.com\/wp-content\/uploads\/2026\/04\/56.jpg'><img decoding=\"async\" width=\"1920\" height=\"1440\" src=\"data:image\/svg+xml;charset=utf-8,%3Csvg xmlns%3D&#039;http%3A%2F%2Fwww.w3.org%2F2000%2Fsvg&#039; viewBox%3D&#039;0 0 1920 1440&#039;%2F%3E\" class=\"attachment-full size-full ld-lazyload\" alt=\"\" data-src=\"https:\/\/caletasuitestenerife.com\/wp-content\/uploads\/2026\/04\/56.jpg\" data-srcset=\"https:\/\/caletasuitestenerife.com\/wp-content\/uploads\/2026\/04\/56.jpg 1920w, https:\/\/caletasuitestenerife.com\/wp-content\/uploads\/2026\/04\/56-300x225.jpg 300w, https:\/\/caletasuitestenerife.com\/wp-content\/uploads\/2026\/04\/56-1024x768.jpg 1024w\" data-sizes=\"(max-width: 1920px) 100vw, 1920px\" data-aspect=\"1.3333333333333\" \/><\/a>\n\t\t\t<\/div><\/figure><figure class='gallery-item'>\n\t\t\t<div class='gallery-icon landscape'>\n\t\t\t\t<a data-elementor-open-lightbox=\"yes\" data-elementor-lightbox-slideshow=\"ff8b1e1\" data-elementor-lightbox-title=\"59\" data-e-action-hash=\"#elementor-action%3Aaction%3Dlightbox%26settings%3DeyJpZCI6NjUxNSwidXJsIjoiaHR0cHM6XC9cL2NhbGV0YXN1aXRlc3RlbmVyaWZlLmNvbVwvd3AtY29udGVudFwvdXBsb2Fkc1wvMjAyNlwvMDRcLzU5LmpwZyIsInNsaWRlc2hvdyI6ImZmOGIxZTEifQ%3D%3D\" href='https:\/\/caletasuitestenerife.com\/wp-content\/uploads\/2026\/04\/59.jpg'><img decoding=\"async\" width=\"1920\" height=\"1440\" src=\"data:image\/svg+xml;charset=utf-8,%3Csvg xmlns%3D&#039;http%3A%2F%2Fwww.w3.org%2F2000%2Fsvg&#039; viewBox%3D&#039;0 0 1920 1440&#039;%2F%3E\" class=\"attachment-full size-full ld-lazyload\" alt=\"\" data-src=\"https:\/\/caletasuitestenerife.com\/wp-content\/uploads\/2026\/04\/59.jpg\" data-srcset=\"https:\/\/caletasuitestenerife.com\/wp-content\/uploads\/2026\/04\/59.jpg 1920w, https:\/\/caletasuitestenerife.com\/wp-content\/uploads\/2026\/04\/59-300x225.jpg 300w, https:\/\/caletasuitestenerife.com\/wp-content\/uploads\/2026\/04\/59-1024x768.jpg 1024w\" data-sizes=\"(max-width: 1920px) 100vw, 1920px\" data-aspect=\"1.3333333333333\" \/><\/a>\n\t\t\t<\/div><\/figure><figure class='gallery-item'>\n\t\t\t<div class='gallery-icon landscape'>\n\t\t\t\t<a data-elementor-open-lightbox=\"yes\" data-elementor-lightbox-slideshow=\"ff8b1e1\" data-elementor-lightbox-title=\"47\" data-e-action-hash=\"#elementor-action%3Aaction%3Dlightbox%26settings%3DeyJpZCI6NjQ4OCwidXJsIjoiaHR0cHM6XC9cL2NhbGV0YXN1aXRlc3RlbmVyaWZlLmNvbVwvd3AtY29udGVudFwvdXBsb2Fkc1wvMjAyNlwvMDRcLzQ3LmpwZyIsInNsaWRlc2hvdyI6ImZmOGIxZTEifQ%3D%3D\" href='https:\/\/caletasuitestenerife.com\/wp-content\/uploads\/2026\/04\/47.jpg'><img loading=\"lazy\" decoding=\"async\" width=\"1920\" height=\"1440\" src=\"data:image\/svg+xml;charset=utf-8,%3Csvg xmlns%3D&#039;http%3A%2F%2Fwww.w3.org%2F2000%2Fsvg&#039; viewBox%3D&#039;0 0 1920 1440&#039;%2F%3E\" class=\"attachment-full size-full ld-lazyload\" alt=\"\" data-src=\"https:\/\/caletasuitestenerife.com\/wp-content\/uploads\/2026\/04\/47.jpg\" data-srcset=\"https:\/\/caletasuitestenerife.com\/wp-content\/uploads\/2026\/04\/47.jpg 1920w, https:\/\/caletasuitestenerife.com\/wp-content\/uploads\/2026\/04\/47-300x225.jpg 300w, https:\/\/caletasuitestenerife.com\/wp-content\/uploads\/2026\/04\/47-1024x768.jpg 1024w\" data-sizes=\"(max-width: 1920px) 100vw, 1920px\" data-aspect=\"1.3333333333333\" \/><\/a>\n\t\t\t<\/div><\/figure><figure class='gallery-item'>\n\t\t\t<div class='gallery-icon landscape'>\n\t\t\t\t<a data-elementor-open-lightbox=\"yes\" data-elementor-lightbox-slideshow=\"ff8b1e1\" data-elementor-lightbox-title=\"apto-04-4\" data-e-action-hash=\"#elementor-action%3Aaction%3Dlightbox%26settings%3DeyJpZCI6Mzc1MSwidXJsIjoiaHR0cHM6XC9cL2NhbGV0YXN1aXRlc3RlbmVyaWZlLmNvbVwvd3AtY29udGVudFwvdXBsb2Fkc1wvMjAyNFwvMDNcL2FwdG8tMDQtNC53ZWJwIiwic2xpZGVzaG93IjoiZmY4YjFlMSJ9\" href='https:\/\/caletasuitestenerife.com\/wp-content\/uploads\/2024\/03\/apto-04-4.webp'><img loading=\"lazy\" decoding=\"async\" width=\"1920\" height=\"1440\" src=\"data:image\/svg+xml;charset=utf-8,%3Csvg xmlns%3D&#039;http%3A%2F%2Fwww.w3.org%2F2000%2Fsvg&#039; viewBox%3D&#039;0 0 1920 1440&#039;%2F%3E\" class=\"attachment-full size-full ld-lazyload\" alt=\"\" data-src=\"https:\/\/caletasuitestenerife.com\/wp-content\/uploads\/2024\/03\/apto-04-4.webp\" data-srcset=\"https:\/\/caletasuitestenerife.com\/wp-content\/uploads\/2024\/03\/apto-04-4.webp 1920w, https:\/\/caletasuitestenerife.com\/wp-content\/uploads\/2024\/03\/apto-04-4-300x225.webp 300w, https:\/\/caletasuitestenerife.com\/wp-content\/uploads\/2024\/03\/apto-04-4-1024x768.webp 1024w\" data-sizes=\"(max-width: 1920px) 100vw, 1920px\" data-aspect=\"1.3333333333333\" \/><\/a>\n\t\t\t<\/div><\/figure><figure class='gallery-item'>\n\t\t\t<div class='gallery-icon landscape'>\n\t\t\t\t<a data-elementor-open-lightbox=\"yes\" data-elementor-lightbox-slideshow=\"ff8b1e1\" data-elementor-lightbox-title=\"apto-04-5\" data-e-action-hash=\"#elementor-action%3Aaction%3Dlightbox%26settings%3DeyJpZCI6Mzc1MywidXJsIjoiaHR0cHM6XC9cL2NhbGV0YXN1aXRlc3RlbmVyaWZlLmNvbVwvd3AtY29udGVudFwvdXBsb2Fkc1wvMjAyNFwvMDNcL2FwdG8tMDQtNS53ZWJwIiwic2xpZGVzaG93IjoiZmY4YjFlMSJ9\" href='https:\/\/caletasuitestenerife.com\/wp-content\/uploads\/2024\/03\/apto-04-5.webp'><img loading=\"lazy\" decoding=\"async\" width=\"1920\" height=\"1440\" src=\"data:image\/svg+xml;charset=utf-8,%3Csvg xmlns%3D&#039;http%3A%2F%2Fwww.w3.org%2F2000%2Fsvg&#039; viewBox%3D&#039;0 0 1920 1440&#039;%2F%3E\" class=\"attachment-full size-full ld-lazyload\" alt=\"\" data-src=\"https:\/\/caletasuitestenerife.com\/wp-content\/uploads\/2024\/03\/apto-04-5.webp\" data-srcset=\"https:\/\/caletasuitestenerife.com\/wp-content\/uploads\/2024\/03\/apto-04-5.webp 1920w, https:\/\/caletasuitestenerife.com\/wp-content\/uploads\/2024\/03\/apto-04-5-300x225.webp 300w, https:\/\/caletasuitestenerife.com\/wp-content\/uploads\/2024\/03\/apto-04-5-1024x768.webp 1024w\" data-sizes=\"(max-width: 1920px) 100vw, 1920px\" data-aspect=\"1.3333333333333\" \/><\/a>\n\t\t\t<\/div><\/figure><figure class='gallery-item'>\n\t\t\t<div class='gallery-icon landscape'>\n\t\t\t\t<a data-elementor-open-lightbox=\"yes\" data-elementor-lightbox-slideshow=\"ff8b1e1\" data-elementor-lightbox-title=\"55\" data-e-action-hash=\"#elementor-action%3Aaction%3Dlightbox%26settings%3DeyJpZCI6NjUwMCwidXJsIjoiaHR0cHM6XC9cL2NhbGV0YXN1aXRlc3RlbmVyaWZlLmNvbVwvd3AtY29udGVudFwvdXBsb2Fkc1wvMjAyNlwvMDRcLzU1LmpwZyIsInNsaWRlc2hvdyI6ImZmOGIxZTEifQ%3D%3D\" href='https:\/\/caletasuitestenerife.com\/wp-content\/uploads\/2026\/04\/55.jpg'><img loading=\"lazy\" decoding=\"async\" width=\"1920\" height=\"1440\" src=\"data:image\/svg+xml;charset=utf-8,%3Csvg xmlns%3D&#039;http%3A%2F%2Fwww.w3.org%2F2000%2Fsvg&#039; viewBox%3D&#039;0 0 1920 1440&#039;%2F%3E\" class=\"attachment-full size-full ld-lazyload\" alt=\"\" data-src=\"https:\/\/caletasuitestenerife.com\/wp-content\/uploads\/2026\/04\/55.jpg\" data-srcset=\"https:\/\/caletasuitestenerife.com\/wp-content\/uploads\/2026\/04\/55.jpg 1920w, https:\/\/caletasuitestenerife.com\/wp-content\/uploads\/2026\/04\/55-300x225.jpg 300w, https:\/\/caletasuitestenerife.com\/wp-content\/uploads\/2026\/04\/55-1024x768.jpg 1024w\" data-sizes=\"(max-width: 1920px) 100vw, 1920px\" data-aspect=\"1.3333333333333\" \/><\/a>\n\t\t\t<\/div><\/figure><figure class='gallery-item'>\n\t\t\t<div class='gallery-icon landscape'>\n\t\t\t\t<a data-elementor-open-lightbox=\"yes\" data-elementor-lightbox-slideshow=\"ff8b1e1\" data-elementor-lightbox-title=\"apto-04-7\" data-e-action-hash=\"#elementor-action%3Aaction%3Dlightbox%26settings%3DeyJpZCI6Mzc1NywidXJsIjoiaHR0cHM6XC9cL2NhbGV0YXN1aXRlc3RlbmVyaWZlLmNvbVwvd3AtY29udGVudFwvdXBsb2Fkc1wvMjAyNFwvMDNcL2FwdG8tMDQtNy53ZWJwIiwic2xpZGVzaG93IjoiZmY4YjFlMSJ9\" href='https:\/\/caletasuitestenerife.com\/wp-content\/uploads\/2024\/03\/apto-04-7.webp'><img loading=\"lazy\" decoding=\"async\" width=\"1920\" height=\"1440\" src=\"data:image\/svg+xml;charset=utf-8,%3Csvg xmlns%3D&#039;http%3A%2F%2Fwww.w3.org%2F2000%2Fsvg&#039; viewBox%3D&#039;0 0 1920 1440&#039;%2F%3E\" class=\"attachment-full size-full ld-lazyload\" alt=\"\" data-src=\"https:\/\/caletasuitestenerife.com\/wp-content\/uploads\/2024\/03\/apto-04-7.webp\" data-srcset=\"https:\/\/caletasuitestenerife.com\/wp-content\/uploads\/2024\/03\/apto-04-7.webp 1920w, https:\/\/caletasuitestenerife.com\/wp-content\/uploads\/2024\/03\/apto-04-7-300x225.webp 300w, https:\/\/caletasuitestenerife.com\/wp-content\/uploads\/2024\/03\/apto-04-7-1024x768.webp 1024w\" data-sizes=\"(max-width: 1920px) 100vw, 1920px\" data-aspect=\"1.3333333333333\" \/><\/a>\n\t\t\t<\/div><\/figure><figure class='gallery-item'>\n\t\t\t<div class='gallery-icon landscape'>\n\t\t\t\t<a data-elementor-open-lightbox=\"yes\" data-elementor-lightbox-slideshow=\"ff8b1e1\" data-elementor-lightbox-title=\"apto-04-6\" data-e-action-hash=\"#elementor-action%3Aaction%3Dlightbox%26settings%3DeyJpZCI6Mzc1NSwidXJsIjoiaHR0cHM6XC9cL2NhbGV0YXN1aXRlc3RlbmVyaWZlLmNvbVwvd3AtY29udGVudFwvdXBsb2Fkc1wvMjAyNFwvMDNcL2FwdG8tMDQtNi53ZWJwIiwic2xpZGVzaG93IjoiZmY4YjFlMSJ9\" href='https:\/\/caletasuitestenerife.com\/wp-content\/uploads\/2024\/03\/apto-04-6.webp'><img loading=\"lazy\" decoding=\"async\" width=\"1920\" height=\"1440\" src=\"data:image\/svg+xml;charset=utf-8,%3Csvg xmlns%3D&#039;http%3A%2F%2Fwww.w3.org%2F2000%2Fsvg&#039; viewBox%3D&#039;0 0 1920 1440&#039;%2F%3E\" class=\"attachment-full size-full ld-lazyload\" alt=\"\" data-src=\"https:\/\/caletasuitestenerife.com\/wp-content\/uploads\/2024\/03\/apto-04-6.webp\" data-srcset=\"https:\/\/caletasuitestenerife.com\/wp-content\/uploads\/2024\/03\/apto-04-6.webp 1920w, https:\/\/caletasuitestenerife.com\/wp-content\/uploads\/2024\/03\/apto-04-6-300x225.webp 300w, https:\/\/caletasuitestenerife.com\/wp-content\/uploads\/2024\/03\/apto-04-6-1024x768.webp 1024w\" data-sizes=\"(max-width: 1920px) 100vw, 1920px\" data-aspect=\"1.3333333333333\" \/><\/a>\n\t\t\t<\/div><\/figure><figure class='gallery-item'>\n\t\t\t<div class='gallery-icon landscape'>\n\t\t\t\t<a data-elementor-open-lightbox=\"yes\" data-elementor-lightbox-slideshow=\"ff8b1e1\" data-elementor-lightbox-title=\"Renders Caleta Suites Tenerife\" data-e-action-hash=\"#elementor-action%3Aaction%3Dlightbox%26settings%3DeyJpZCI6NDMxMSwidXJsIjoiaHR0cHM6XC9cL2NhbGV0YXN1aXRlc3RlbmVyaWZlLmNvbVwvd3AtY29udGVudFwvdXBsb2Fkc1wvMjAyNFwvMDVcL2FwdG8tMDQtM0Qud2VicCIsInNsaWRlc2hvdyI6ImZmOGIxZTEifQ%3D%3D\" href='https:\/\/caletasuitestenerife.com\/wp-content\/uploads\/2024\/05\/apto-04-3D.webp'><img loading=\"lazy\" decoding=\"async\" width=\"1920\" height=\"1440\" src=\"data:image\/svg+xml;charset=utf-8,%3Csvg xmlns%3D&#039;http%3A%2F%2Fwww.w3.org%2F2000%2Fsvg&#039; viewBox%3D&#039;0 0 1920 1440&#039;%2F%3E\" class=\"attachment-full size-full ld-lazyload\" alt=\"\" data-src=\"https:\/\/caletasuitestenerife.com\/wp-content\/uploads\/2024\/05\/apto-04-3D.webp\" data-srcset=\"https:\/\/caletasuitestenerife.com\/wp-content\/uploads\/2024\/05\/apto-04-3D.webp 1920w, https:\/\/caletasuitestenerife.com\/wp-content\/uploads\/2024\/05\/apto-04-3D-300x225.webp 300w, https:\/\/caletasuitestenerife.com\/wp-content\/uploads\/2024\/05\/apto-04-3D-1024x768.webp 1024w\" data-sizes=\"(max-width: 1920px) 100vw, 1920px\" data-aspect=\"1.3333333333333\" \/><\/a>\n\t\t\t<\/div><\/figure>\n\t\t<\/div>\n\t\t<\/div>\n\t\t\t\t\t\t<\/div>\n\t\t\t\t<\/div>\n\t\t\t\t\t<\/div>\n\t\t\t\t<\/div>\n\t\t<div class=\"elementor-element elementor-element-f296dc4 elementor-hidden-desktop elementor-hidden-tablet elementor-hidden-mobile e-flex e-con-boxed e-con e-parent\" data-id=\"f296dc4\" data-element_type=\"container\" data-e-type=\"container\">\n\t\t\t\t\t<div class=\"e-con-inner\">\n\t\t\t\t<div class=\"elementor-element elementor-element-1d20d5a elementor-widget elementor-widget-heading\" data-id=\"1d20d5a\" data-element_type=\"widget\" data-e-type=\"widget\" data-widget_type=\"heading.default\">\n\t\t\t\t<div class=\"elementor-widget-container\">\n\t\t\t\t\t<h2 class=\"elementor-heading-title elementor-size-default\">Zonas Comunes<\/h2>\t\t\t\t<\/div>\n\t\t\t\t<\/div>\n\t\t\t\t<div class=\"elementor-element elementor-element-8ef2cac gallery-spacing-custom elementor-widget elementor-widget-image-gallery\" data-id=\"8ef2cac\" data-element_type=\"widget\" data-e-type=\"widget\" data-widget_type=\"image-gallery.default\">\n\t\t\t\t<div class=\"elementor-widget-container\">\n\t\t\t\t\t\t\t<div class=\"elementor-image-gallery\">\n\t\t\t\t\t<\/div>\n\t\t\t\t\t\t<\/div>\n\t\t\t\t<\/div>\n\t\t\t\t\t<\/div>\n\t\t\t\t<\/div>\n\t\t\t\t<\/div>\n\t\t","protected":false},"excerpt":{"rendered":"<p>Galer\u00eda Caleta Suites Tenerife Apartamento 2 hab | planta 0 | vista monta\u00f1a Descubre la sofisticaci\u00f3n en nuestros apartamentos de lujo, donde cada detalle ha sido cuidadosamente elegido. Zonas Comunes<\/p>\n","protected":false},"author":3,"featured_media":0,"parent":0,"menu_order":0,"comment_status":"closed","ping_status":"closed","template":"","meta":{"footnotes":""},"class_list":["post-1787","page","type-page","status-publish","hentry"],"yoast_head":"<!-- This site is optimized with the Yoast SEO plugin v27.5 - https:\/\/yoast.com\/product\/yoast-seo-wordpress\/ -->\n<title>Galer\u00eda de im\u00e1genes | Caleta Suites Tenerife<\/title>\n<meta name=\"description\" content=\"Disfruta de una estancia excepcional en nuestras Suites con todas las facilidades que necesitas. Bienvenido al lujo en tus vacaciones.\" \/>\n<meta name=\"robots\" content=\"index, follow, max-snippet:-1, max-image-preview:large, max-video-preview:-1\" \/>\n<link rel=\"canonical\" href=\"https:\/\/caletasuitestenerife.com\/es\/galeria-apartamento-2-hab-planta-0-vista-montana\/\" \/>\n<meta property=\"og:locale\" content=\"es_ES\" \/>\n<meta property=\"og:type\" content=\"article\" \/>\n<meta property=\"og:title\" content=\"Galer\u00eda de im\u00e1genes | Caleta Suites Tenerife\" \/>\n<meta property=\"og:description\" content=\"Disfruta de una estancia excepcional en nuestras Suites con todas las facilidades que necesitas. Bienvenido al lujo en tus vacaciones.\" \/>\n<meta property=\"og:url\" content=\"https:\/\/caletasuitestenerife.com\/es\/galeria-apartamento-2-hab-planta-0-vista-montana\/\" \/>\n<meta property=\"og:site_name\" content=\"Caleta Suites\" \/>\n<meta property=\"article:modified_time\" content=\"2026-04-29T09:17:14+00:00\" \/>\n<meta property=\"og:image\" content=\"https:\/\/caletasuitestenerife.com\/wp-content\/uploads\/2024\/03\/apto-04-1.webp\" \/>\n<meta name=\"twitter:card\" content=\"summary_large_image\" \/>\n<meta name=\"twitter:label1\" content=\"Tiempo de lectura\" \/>\n\t<meta name=\"twitter:data1\" content=\"2 minutos\" \/>\n<script type=\"application\/ld+json\" class=\"yoast-schema-graph\">{\"@context\":\"https:\\\/\\\/schema.org\",\"@graph\":[{\"@type\":\"WebPage\",\"@id\":\"https:\\\/\\\/caletasuitestenerife.com\\\/gallery-2-bedrooms-apartment-floor-0-mountain-view\\\/\",\"url\":\"https:\\\/\\\/caletasuitestenerife.com\\\/es\\\/galeria-apartamento-2-hab-planta-0-vista-montana\\\/\",\"name\":\"Galer\u00eda de im\u00e1genes | Caleta Suites Tenerife\",\"isPartOf\":{\"@id\":\"https:\\\/\\\/caletasuitestenerife.com\\\/#website\"},\"primaryImageOfPage\":{\"@id\":\"https:\\\/\\\/caletasuitestenerife.com\\\/es\\\/galeria-apartamento-2-hab-planta-0-vista-montana\\\/#primaryimage\"},\"image\":{\"@id\":\"https:\\\/\\\/caletasuitestenerife.com\\\/es\\\/galeria-apartamento-2-hab-planta-0-vista-montana\\\/#primaryimage\"},\"thumbnailUrl\":\"https:\\\/\\\/caletasuitestenerife.com\\\/wp-content\\\/uploads\\\/2024\\\/03\\\/apto-04-1.webp\",\"datePublished\":\"2023-11-22T12:51:15+00:00\",\"dateModified\":\"2026-04-29T09:17:14+00:00\",\"description\":\"Disfruta de una estancia excepcional en nuestras Suites con todas las facilidades que necesitas. Bienvenido al lujo en tus vacaciones.\",\"breadcrumb\":{\"@id\":\"https:\\\/\\\/caletasuitestenerife.com\\\/es\\\/galeria-apartamento-2-hab-planta-0-vista-montana\\\/#breadcrumb\"},\"inLanguage\":\"es\",\"potentialAction\":[{\"@type\":\"ReadAction\",\"target\":[\"https:\\\/\\\/caletasuitestenerife.com\\\/es\\\/galeria-apartamento-2-hab-planta-0-vista-montana\\\/\"]}]},{\"@type\":\"ImageObject\",\"inLanguage\":\"es\",\"@id\":\"https:\\\/\\\/caletasuitestenerife.com\\\/es\\\/galeria-apartamento-2-hab-planta-0-vista-montana\\\/#primaryimage\",\"url\":\"https:\\\/\\\/caletasuitestenerife.com\\\/wp-content\\\/uploads\\\/2024\\\/03\\\/apto-04-1.webp\",\"contentUrl\":\"https:\\\/\\\/caletasuitestenerife.com\\\/wp-content\\\/uploads\\\/2024\\\/03\\\/apto-04-1.webp\"},{\"@type\":\"BreadcrumbList\",\"@id\":\"https:\\\/\\\/caletasuitestenerife.com\\\/es\\\/galeria-apartamento-2-hab-planta-0-vista-montana\\\/#breadcrumb\",\"itemListElement\":[{\"@type\":\"ListItem\",\"position\":1,\"name\":\"Portada\",\"item\":\"https:\\\/\\\/caletasuitestenerife.com\\\/es\\\/\"},{\"@type\":\"ListItem\",\"position\":2,\"name\":\"Galer\u00eda Apartamento 2 hab | planta 0 | vista monta\u00f1a\u200b\u200b\"}]},{\"@type\":\"WebSite\",\"@id\":\"https:\\\/\\\/caletasuitestenerife.com\\\/#website\",\"url\":\"https:\\\/\\\/caletasuitestenerife.com\\\/\",\"name\":\"Caleta Suites\",\"description\":\"Apartamentos de Lujo\",\"potentialAction\":[{\"@type\":\"SearchAction\",\"target\":{\"@type\":\"EntryPoint\",\"urlTemplate\":\"https:\\\/\\\/caletasuitestenerife.com\\\/?s={search_term_string}\"},\"query-input\":{\"@type\":\"PropertyValueSpecification\",\"valueRequired\":true,\"valueName\":\"search_term_string\"}}],\"inLanguage\":\"es\"}]}<\/script>\n<!-- \/ Yoast SEO plugin. -->","yoast_head_json":{"title":"Galer\u00eda de im\u00e1genes | Caleta Suites Tenerife","description":"Disfruta de una estancia excepcional en nuestras Suites con todas las facilidades que necesitas. Bienvenido al lujo en tus vacaciones.","robots":{"index":"index","follow":"follow","max-snippet":"max-snippet:-1","max-image-preview":"max-image-preview:large","max-video-preview":"max-video-preview:-1"},"canonical":"https:\/\/caletasuitestenerife.com\/es\/galeria-apartamento-2-hab-planta-0-vista-montana\/","og_locale":"es_ES","og_type":"article","og_title":"Galer\u00eda de im\u00e1genes | Caleta Suites Tenerife","og_description":"Disfruta de una estancia excepcional en nuestras Suites con todas las facilidades que necesitas. Bienvenido al lujo en tus vacaciones.","og_url":"https:\/\/caletasuitestenerife.com\/es\/galeria-apartamento-2-hab-planta-0-vista-montana\/","og_site_name":"Caleta Suites","article_modified_time":"2026-04-29T09:17:14+00:00","og_image":[{"url":"https:\/\/caletasuitestenerife.com\/wp-content\/uploads\/2024\/03\/apto-04-1.webp","type":"","width":"","height":""}],"twitter_card":"summary_large_image","twitter_misc":{"Tiempo de lectura":"2 minutos"},"schema":{"@context":"https:\/\/schema.org","@graph":[{"@type":"WebPage","@id":"https:\/\/caletasuitestenerife.com\/gallery-2-bedrooms-apartment-floor-0-mountain-view\/","url":"https:\/\/caletasuitestenerife.com\/es\/galeria-apartamento-2-hab-planta-0-vista-montana\/","name":"Galer\u00eda de im\u00e1genes | Caleta Suites Tenerife","isPartOf":{"@id":"https:\/\/caletasuitestenerife.com\/#website"},"primaryImageOfPage":{"@id":"https:\/\/caletasuitestenerife.com\/es\/galeria-apartamento-2-hab-planta-0-vista-montana\/#primaryimage"},"image":{"@id":"https:\/\/caletasuitestenerife.com\/es\/galeria-apartamento-2-hab-planta-0-vista-montana\/#primaryimage"},"thumbnailUrl":"https:\/\/caletasuitestenerife.com\/wp-content\/uploads\/2024\/03\/apto-04-1.webp","datePublished":"2023-11-22T12:51:15+00:00","dateModified":"2026-04-29T09:17:14+00:00","description":"Disfruta de una estancia excepcional en nuestras Suites con todas las facilidades que necesitas. Bienvenido al lujo en tus vacaciones.","breadcrumb":{"@id":"https:\/\/caletasuitestenerife.com\/es\/galeria-apartamento-2-hab-planta-0-vista-montana\/#breadcrumb"},"inLanguage":"es","potentialAction":[{"@type":"ReadAction","target":["https:\/\/caletasuitestenerife.com\/es\/galeria-apartamento-2-hab-planta-0-vista-montana\/"]}]},{"@type":"ImageObject","inLanguage":"es","@id":"https:\/\/caletasuitestenerife.com\/es\/galeria-apartamento-2-hab-planta-0-vista-montana\/#primaryimage","url":"https:\/\/caletasuitestenerife.com\/wp-content\/uploads\/2024\/03\/apto-04-1.webp","contentUrl":"https:\/\/caletasuitestenerife.com\/wp-content\/uploads\/2024\/03\/apto-04-1.webp"},{"@type":"BreadcrumbList","@id":"https:\/\/caletasuitestenerife.com\/es\/galeria-apartamento-2-hab-planta-0-vista-montana\/#breadcrumb","itemListElement":[{"@type":"ListItem","position":1,"name":"Portada","item":"https:\/\/caletasuitestenerife.com\/es\/"},{"@type":"ListItem","position":2,"name":"Galer\u00eda Apartamento 2 hab | planta 0 | vista monta\u00f1a\u200b\u200b"}]},{"@type":"WebSite","@id":"https:\/\/caletasuitestenerife.com\/#website","url":"https:\/\/caletasuitestenerife.com\/","name":"Caleta Suites","description":"Apartamentos de Lujo","potentialAction":[{"@type":"SearchAction","target":{"@type":"EntryPoint","urlTemplate":"https:\/\/caletasuitestenerife.com\/?s={search_term_string}"},"query-input":{"@type":"PropertyValueSpecification","valueRequired":true,"valueName":"search_term_string"}}],"inLanguage":"es"}]}},"_links":{"self":[{"href":"https:\/\/caletasuitestenerife.com\/es\/wp-json\/wp\/v2\/pages\/1787","targetHints":{"allow":["GET"]}}],"collection":[{"href":"https:\/\/caletasuitestenerife.com\/es\/wp-json\/wp\/v2\/pages"}],"about":[{"href":"https:\/\/caletasuitestenerife.com\/es\/wp-json\/wp\/v2\/types\/page"}],"author":[{"embeddable":true,"href":"https:\/\/caletasuitestenerife.com\/es\/wp-json\/wp\/v2\/users\/3"}],"replies":[{"embeddable":true,"href":"https:\/\/caletasuitestenerife.com\/es\/wp-json\/wp\/v2\/comments?post=1787"}],"version-history":[{"count":71,"href":"https:\/\/caletasuitestenerife.com\/es\/wp-json\/wp\/v2\/pages\/1787\/revisions"}],"predecessor-version":[{"id":6518,"href":"https:\/\/caletasuitestenerife.com\/es\/wp-json\/wp\/v2\/pages\/1787\/revisions\/6518"}],"wp:attachment":[{"href":"https:\/\/caletasuitestenerife.com\/es\/wp-json\/wp\/v2\/media?parent=1787"}],"curies":[{"name":"wp","href":"https:\/\/api.w.org\/{rel}","templated":true}]}}