{"id":3344,"date":"2024-02-15T15:38:07","date_gmt":"2024-02-15T14:38:07","guid":{"rendered":"https:\/\/caletasuitestenerife.com\/?page_id=3344"},"modified":"2026-04-29T11:59:39","modified_gmt":"2026-04-29T09:59:39","slug":"galeria-apartamento-3-hab-planta-1-vista-mar","status":"publish","type":"page","link":"https:\/\/caletasuitestenerife.com\/es\/galeria-apartamento-3-hab-planta-1-vista-mar\/","title":{"rendered":"Galer\u00eda Apartamento 3 hab | planta 1 | vista mar"},"content":{"rendered":"\t\t<div data-elementor-type=\"wp-page\" data-elementor-id=\"3344\" class=\"elementor elementor-3344\" data-elementor-post-type=\"page\">\n\t\t\t\t<div class=\"elementor-element elementor-element-2568c55b e-flex e-con-boxed e-con e-parent\" data-id=\"2568c55b\" data-element_type=\"container\" data-e-type=\"container\">\n\t\t\t\t\t<div class=\"e-con-inner\">\n\t\t\t\t<div class=\"elementor-element elementor-element-3e9e0609 elementor-widget elementor-widget-heading\" data-id=\"3e9e0609\" data-element_type=\"widget\" data-e-type=\"widget\" data-widget_type=\"heading.default\">\n\t\t\t\t<div class=\"elementor-widget-container\">\n\t\t\t\t\t<h1 class=\"elementor-heading-title elementor-size-default\">Galer\u00eda Caleta Suites Tenerife<\/h1>\t\t\t\t<\/div>\n\t\t\t\t<\/div>\n\t\t\t\t<div class=\"elementor-element elementor-element-7ed97d65 elementor-widget elementor-widget-heading\" data-id=\"7ed97d65\" data-element_type=\"widget\" data-e-type=\"widget\" data-widget_type=\"heading.default\">\n\t\t\t\t<div class=\"elementor-widget-container\">\n\t\t\t\t\t<p class=\"elementor-heading-title elementor-size-default\">Apartamento 3 hab | planta 1 | vista mar<\/p>\t\t\t\t<\/div>\n\t\t\t\t<\/div>\n\t\t\t\t<div class=\"elementor-element elementor-element-62a4acd1 elementor-widget elementor-widget-hub_fancy_heading lqd-el-has-inner-anim\" data-id=\"62a4acd1\" data-element_type=\"widget\" data-e-type=\"widget\" data-settings=\"{&quot;enable_split&quot;:&quot;true&quot;,&quot;split_type&quot;:&quot;lines&quot;}\" data-widget_type=\"hub_fancy_heading.default\">\n\t\t\t\t<div class=\"elementor-widget-container\">\n\t\t\t\t\t\n\t\t<div id=\"ld-fancy-heading-69f25e49b2389\" class=\"ld-fancy-heading pos-rel\">\n\t\t\t<p class=\"ld-fh-element d-inline-block pos-rel  lqd-highlight-classic lqd-highlight-grow-left lqd-split-lines p\"  data-split-text=\"true\" data-split-options='{\"type\":\"lines\"}'> Descubre la sofisticaci\u00f3n en nuestros apartamentos de lujo, donde cada detalle ha sido cuidadosamente elegido. <\/p>\t\t<\/div>\n\n\t\t\t\t\t\t<\/div>\n\t\t\t\t<\/div>\n\t\t\t\t<div class=\"elementor-element elementor-element-15473900 gallery-spacing-custom elementor-widget elementor-widget-image-gallery\" data-id=\"15473900\" data-element_type=\"widget\" data-e-type=\"widget\" data-widget_type=\"image-gallery.default\">\n\t\t\t\t<div class=\"elementor-widget-container\">\n\t\t\t\t\t\t\t<div class=\"elementor-image-gallery\">\n\t\t\t<div id='gallery-1' class='gallery galleryid-3344 gallery-columns-3 gallery-size-full'><figure class='gallery-item'>\n\t\t\t<div class='gallery-icon landscape'>\n\t\t\t\t<a data-elementor-open-lightbox=\"yes\" data-elementor-lightbox-slideshow=\"15473900\" data-elementor-lightbox-title=\"apto-107-2\" data-e-action-hash=\"#elementor-action%3Aaction%3Dlightbox%26settings%3DeyJpZCI6MzgxMywidXJsIjoiaHR0cHM6XC9cL2NhbGV0YXN1aXRlc3RlbmVyaWZlLmNvbVwvd3AtY29udGVudFwvdXBsb2Fkc1wvMjAyNFwvMDNcL2FwdG8tMTA3LTIud2VicCIsInNsaWRlc2hvdyI6IjE1NDczOTAwIn0%3D\" href='https:\/\/caletasuitestenerife.com\/wp-content\/uploads\/2024\/03\/apto-107-2.webp'><img fetchpriority=\"high\" decoding=\"async\" width=\"1920\" height=\"1440\" src=\"https:\/\/caletasuitestenerife.com\/wp-content\/uploads\/2024\/03\/apto-107-2.webp\" class=\"attachment-full size-full\" alt=\"\" srcset=\"https:\/\/caletasuitestenerife.com\/wp-content\/uploads\/2024\/03\/apto-107-2.webp 1920w, https:\/\/caletasuitestenerife.com\/wp-content\/uploads\/2024\/03\/apto-107-2-300x225.webp 300w, https:\/\/caletasuitestenerife.com\/wp-content\/uploads\/2024\/03\/apto-107-2-1024x768.webp 1024w\" sizes=\"(max-width: 1920px) 100vw, 1920px\" \/><\/a>\n\t\t\t<\/div><\/figure><figure class='gallery-item'>\n\t\t\t<div class='gallery-icon landscape'>\n\t\t\t\t<a data-elementor-open-lightbox=\"yes\" data-elementor-lightbox-slideshow=\"15473900\" data-elementor-lightbox-title=\"caleta-suites-tenerife (2)\" data-e-action-hash=\"#elementor-action%3Aaction%3Dlightbox%26settings%3DeyJpZCI6NjU1OSwidXJsIjoiaHR0cHM6XC9cL2NhbGV0YXN1aXRlc3RlbmVyaWZlLmNvbVwvd3AtY29udGVudFwvdXBsb2Fkc1wvMjAyNlwvMDRcL2NhbGV0YS1zdWl0ZXMtdGVuZXJpZmUtMi0yLmpwZyIsInNsaWRlc2hvdyI6IjE1NDczOTAwIn0%3D\" href='https:\/\/caletasuitestenerife.com\/wp-content\/uploads\/2026\/04\/caleta-suites-tenerife-2-2.jpg'><img decoding=\"async\" width=\"1920\" height=\"1440\" src=\"data:image\/svg+xml;charset=utf-8,%3Csvg xmlns%3D&#039;http%3A%2F%2Fwww.w3.org%2F2000%2Fsvg&#039; viewBox%3D&#039;0 0 1920 1440&#039;%2F%3E\" class=\"attachment-full size-full ld-lazyload\" alt=\"\" data-src=\"https:\/\/caletasuitestenerife.com\/wp-content\/uploads\/2026\/04\/caleta-suites-tenerife-2-2.jpg\" data-srcset=\"https:\/\/caletasuitestenerife.com\/wp-content\/uploads\/2026\/04\/caleta-suites-tenerife-2-2.jpg 1920w, https:\/\/caletasuitestenerife.com\/wp-content\/uploads\/2026\/04\/caleta-suites-tenerife-2-2-300x225.jpg 300w, https:\/\/caletasuitestenerife.com\/wp-content\/uploads\/2026\/04\/caleta-suites-tenerife-2-2-1024x768.jpg 1024w\" data-sizes=\"(max-width: 1920px) 100vw, 1920px\" data-aspect=\"1.3333333333333\" \/><\/a>\n\t\t\t<\/div><\/figure><figure class='gallery-item'>\n\t\t\t<div class='gallery-icon landscape'>\n\t\t\t\t<a data-elementor-open-lightbox=\"yes\" data-elementor-lightbox-slideshow=\"15473900\" data-elementor-lightbox-title=\"caleta-suites-tenerife\" data-e-action-hash=\"#elementor-action%3Aaction%3Dlightbox%26settings%3DeyJpZCI6NjU3MSwidXJsIjoiaHR0cHM6XC9cL2NhbGV0YXN1aXRlc3RlbmVyaWZlLmNvbVwvd3AtY29udGVudFwvdXBsb2Fkc1wvMjAyNlwvMDRcL2NhbGV0YS1zdWl0ZXMtdGVuZXJpZmUtOC5qcGciLCJzbGlkZXNob3ciOiIxNTQ3MzkwMCJ9\" href='https:\/\/caletasuitestenerife.com\/wp-content\/uploads\/2026\/04\/caleta-suites-tenerife-8.jpg'><img decoding=\"async\" width=\"1920\" height=\"1440\" src=\"data:image\/svg+xml;charset=utf-8,%3Csvg xmlns%3D&#039;http%3A%2F%2Fwww.w3.org%2F2000%2Fsvg&#039; viewBox%3D&#039;0 0 1920 1440&#039;%2F%3E\" class=\"attachment-full size-full ld-lazyload\" alt=\"\" data-src=\"https:\/\/caletasuitestenerife.com\/wp-content\/uploads\/2026\/04\/caleta-suites-tenerife-8.jpg\" data-srcset=\"https:\/\/caletasuitestenerife.com\/wp-content\/uploads\/2026\/04\/caleta-suites-tenerife-8.jpg 1920w, https:\/\/caletasuitestenerife.com\/wp-content\/uploads\/2026\/04\/caleta-suites-tenerife-8-300x225.jpg 300w, https:\/\/caletasuitestenerife.com\/wp-content\/uploads\/2026\/04\/caleta-suites-tenerife-8-1024x768.jpg 1024w\" data-sizes=\"(max-width: 1920px) 100vw, 1920px\" data-aspect=\"1.3333333333333\" \/><\/a>\n\t\t\t<\/div><\/figure><figure class='gallery-item'>\n\t\t\t<div class='gallery-icon landscape'>\n\t\t\t\t<a data-elementor-open-lightbox=\"yes\" data-elementor-lightbox-slideshow=\"15473900\" data-elementor-lightbox-title=\"41\" data-e-action-hash=\"#elementor-action%3Aaction%3Dlightbox%26settings%3DeyJpZCI6NjQ3NiwidXJsIjoiaHR0cHM6XC9cL2NhbGV0YXN1aXRlc3RlbmVyaWZlLmNvbVwvd3AtY29udGVudFwvdXBsb2Fkc1wvMjAyNlwvMDRcLzQxLmpwZyIsInNsaWRlc2hvdyI6IjE1NDczOTAwIn0%3D\" href='https:\/\/caletasuitestenerife.com\/wp-content\/uploads\/2026\/04\/41.jpg'><img loading=\"lazy\" decoding=\"async\" width=\"1920\" height=\"1440\" src=\"data:image\/svg+xml;charset=utf-8,%3Csvg xmlns%3D&#039;http%3A%2F%2Fwww.w3.org%2F2000%2Fsvg&#039; viewBox%3D&#039;0 0 1920 1440&#039;%2F%3E\" class=\"attachment-full size-full ld-lazyload\" alt=\"\" data-src=\"https:\/\/caletasuitestenerife.com\/wp-content\/uploads\/2026\/04\/41.jpg\" data-srcset=\"https:\/\/caletasuitestenerife.com\/wp-content\/uploads\/2026\/04\/41.jpg 1920w, https:\/\/caletasuitestenerife.com\/wp-content\/uploads\/2026\/04\/41-300x225.jpg 300w, https:\/\/caletasuitestenerife.com\/wp-content\/uploads\/2026\/04\/41-1024x768.jpg 1024w\" data-sizes=\"(max-width: 1920px) 100vw, 1920px\" data-aspect=\"1.3333333333333\" \/><\/a>\n\t\t\t<\/div><\/figure><figure class='gallery-item'>\n\t\t\t<div class='gallery-icon landscape'>\n\t\t\t\t<a data-elementor-open-lightbox=\"yes\" data-elementor-lightbox-slideshow=\"15473900\" data-elementor-lightbox-title=\"apto-107-8\" data-e-action-hash=\"#elementor-action%3Aaction%3Dlightbox%26settings%3DeyJpZCI6MzgyMSwidXJsIjoiaHR0cHM6XC9cL2NhbGV0YXN1aXRlc3RlbmVyaWZlLmNvbVwvd3AtY29udGVudFwvdXBsb2Fkc1wvMjAyNFwvMDNcL2FwdG8tMTA3LTgud2VicCIsInNsaWRlc2hvdyI6IjE1NDczOTAwIn0%3D\" href='https:\/\/caletasuitestenerife.com\/wp-content\/uploads\/2024\/03\/apto-107-8.webp'><img loading=\"lazy\" decoding=\"async\" width=\"1920\" height=\"1440\" src=\"data:image\/svg+xml;charset=utf-8,%3Csvg xmlns%3D&#039;http%3A%2F%2Fwww.w3.org%2F2000%2Fsvg&#039; viewBox%3D&#039;0 0 1920 1440&#039;%2F%3E\" class=\"attachment-full size-full ld-lazyload\" alt=\"\" data-src=\"https:\/\/caletasuitestenerife.com\/wp-content\/uploads\/2024\/03\/apto-107-8.webp\" data-srcset=\"https:\/\/caletasuitestenerife.com\/wp-content\/uploads\/2024\/03\/apto-107-8.webp 1920w, https:\/\/caletasuitestenerife.com\/wp-content\/uploads\/2024\/03\/apto-107-8-300x225.webp 300w, https:\/\/caletasuitestenerife.com\/wp-content\/uploads\/2024\/03\/apto-107-8-1024x768.webp 1024w\" data-sizes=\"(max-width: 1920px) 100vw, 1920px\" data-aspect=\"1.3333333333333\" \/><\/a>\n\t\t\t<\/div><\/figure><figure class='gallery-item'>\n\t\t\t<div class='gallery-icon landscape'>\n\t\t\t\t<a data-elementor-open-lightbox=\"yes\" data-elementor-lightbox-slideshow=\"15473900\" data-elementor-lightbox-title=\"apto-107-4\" data-e-action-hash=\"#elementor-action%3Aaction%3Dlightbox%26settings%3DeyJpZCI6MzgxNSwidXJsIjoiaHR0cHM6XC9cL2NhbGV0YXN1aXRlc3RlbmVyaWZlLmNvbVwvd3AtY29udGVudFwvdXBsb2Fkc1wvMjAyNFwvMDNcL2FwdG8tMTA3LTQud2VicCIsInNsaWRlc2hvdyI6IjE1NDczOTAwIn0%3D\" href='https:\/\/caletasuitestenerife.com\/wp-content\/uploads\/2024\/03\/apto-107-4.webp'><img loading=\"lazy\" decoding=\"async\" width=\"1920\" height=\"1440\" src=\"data:image\/svg+xml;charset=utf-8,%3Csvg xmlns%3D&#039;http%3A%2F%2Fwww.w3.org%2F2000%2Fsvg&#039; viewBox%3D&#039;0 0 1920 1440&#039;%2F%3E\" class=\"attachment-full size-full ld-lazyload\" alt=\"\" data-src=\"https:\/\/caletasuitestenerife.com\/wp-content\/uploads\/2024\/03\/apto-107-4.webp\" data-srcset=\"https:\/\/caletasuitestenerife.com\/wp-content\/uploads\/2024\/03\/apto-107-4.webp 1920w, https:\/\/caletasuitestenerife.com\/wp-content\/uploads\/2024\/03\/apto-107-4-300x225.webp 300w, https:\/\/caletasuitestenerife.com\/wp-content\/uploads\/2024\/03\/apto-107-4-1024x768.webp 1024w\" data-sizes=\"(max-width: 1920px) 100vw, 1920px\" data-aspect=\"1.3333333333333\" \/><\/a>\n\t\t\t<\/div><\/figure><figure class='gallery-item'>\n\t\t\t<div class='gallery-icon landscape'>\n\t\t\t\t<a data-elementor-open-lightbox=\"yes\" data-elementor-lightbox-slideshow=\"15473900\" data-elementor-lightbox-title=\"apto-107-6\" data-e-action-hash=\"#elementor-action%3Aaction%3Dlightbox%26settings%3DeyJpZCI6MzgxNywidXJsIjoiaHR0cHM6XC9cL2NhbGV0YXN1aXRlc3RlbmVyaWZlLmNvbVwvd3AtY29udGVudFwvdXBsb2Fkc1wvMjAyNFwvMDNcL2FwdG8tMTA3LTYud2VicCIsInNsaWRlc2hvdyI6IjE1NDczOTAwIn0%3D\" href='https:\/\/caletasuitestenerife.com\/wp-content\/uploads\/2024\/03\/apto-107-6.webp'><img loading=\"lazy\" decoding=\"async\" width=\"1920\" height=\"1440\" src=\"data:image\/svg+xml;charset=utf-8,%3Csvg xmlns%3D&#039;http%3A%2F%2Fwww.w3.org%2F2000%2Fsvg&#039; viewBox%3D&#039;0 0 1920 1440&#039;%2F%3E\" class=\"attachment-full size-full ld-lazyload\" alt=\"\" data-src=\"https:\/\/caletasuitestenerife.com\/wp-content\/uploads\/2024\/03\/apto-107-6.webp\" data-srcset=\"https:\/\/caletasuitestenerife.com\/wp-content\/uploads\/2024\/03\/apto-107-6.webp 1920w, https:\/\/caletasuitestenerife.com\/wp-content\/uploads\/2024\/03\/apto-107-6-300x225.webp 300w, https:\/\/caletasuitestenerife.com\/wp-content\/uploads\/2024\/03\/apto-107-6-1024x768.webp 1024w\" data-sizes=\"(max-width: 1920px) 100vw, 1920px\" data-aspect=\"1.3333333333333\" \/><\/a>\n\t\t\t<\/div><\/figure><figure class='gallery-item'>\n\t\t\t<div class='gallery-icon landscape'>\n\t\t\t\t<a data-elementor-open-lightbox=\"yes\" data-elementor-lightbox-slideshow=\"15473900\" data-elementor-lightbox-title=\"caleta-suites-tenerife (5)\" data-e-action-hash=\"#elementor-action%3Aaction%3Dlightbox%26settings%3DeyJpZCI6NjU2NSwidXJsIjoiaHR0cHM6XC9cL2NhbGV0YXN1aXRlc3RlbmVyaWZlLmNvbVwvd3AtY29udGVudFwvdXBsb2Fkc1wvMjAyNlwvMDRcL2NhbGV0YS1zdWl0ZXMtdGVuZXJpZmUtNS0xLmpwZyIsInNsaWRlc2hvdyI6IjE1NDczOTAwIn0%3D\" href='https:\/\/caletasuitestenerife.com\/wp-content\/uploads\/2026\/04\/caleta-suites-tenerife-5-1.jpg'><img loading=\"lazy\" decoding=\"async\" width=\"1920\" height=\"1440\" src=\"data:image\/svg+xml;charset=utf-8,%3Csvg xmlns%3D&#039;http%3A%2F%2Fwww.w3.org%2F2000%2Fsvg&#039; viewBox%3D&#039;0 0 1920 1440&#039;%2F%3E\" class=\"attachment-full size-full ld-lazyload\" alt=\"\" data-src=\"https:\/\/caletasuitestenerife.com\/wp-content\/uploads\/2026\/04\/caleta-suites-tenerife-5-1.jpg\" data-srcset=\"https:\/\/caletasuitestenerife.com\/wp-content\/uploads\/2026\/04\/caleta-suites-tenerife-5-1.jpg 1920w, https:\/\/caletasuitestenerife.com\/wp-content\/uploads\/2026\/04\/caleta-suites-tenerife-5-1-300x225.jpg 300w, https:\/\/caletasuitestenerife.com\/wp-content\/uploads\/2026\/04\/caleta-suites-tenerife-5-1-1024x768.jpg 1024w\" data-sizes=\"(max-width: 1920px) 100vw, 1920px\" data-aspect=\"1.3333333333333\" \/><\/a>\n\t\t\t<\/div><\/figure><figure class='gallery-item'>\n\t\t\t<div class='gallery-icon landscape'>\n\t\t\t\t<a data-elementor-open-lightbox=\"yes\" data-elementor-lightbox-slideshow=\"15473900\" data-elementor-lightbox-title=\"apto-107-7\" data-e-action-hash=\"#elementor-action%3Aaction%3Dlightbox%26settings%3DeyJpZCI6MzgxOSwidXJsIjoiaHR0cHM6XC9cL2NhbGV0YXN1aXRlc3RlbmVyaWZlLmNvbVwvd3AtY29udGVudFwvdXBsb2Fkc1wvMjAyNFwvMDNcL2FwdG8tMTA3LTcud2VicCIsInNsaWRlc2hvdyI6IjE1NDczOTAwIn0%3D\" href='https:\/\/caletasuitestenerife.com\/wp-content\/uploads\/2024\/03\/apto-107-7.webp'><img loading=\"lazy\" decoding=\"async\" width=\"1920\" height=\"1440\" src=\"data:image\/svg+xml;charset=utf-8,%3Csvg xmlns%3D&#039;http%3A%2F%2Fwww.w3.org%2F2000%2Fsvg&#039; viewBox%3D&#039;0 0 1920 1440&#039;%2F%3E\" class=\"attachment-full size-full ld-lazyload\" alt=\"\" data-src=\"https:\/\/caletasuitestenerife.com\/wp-content\/uploads\/2024\/03\/apto-107-7.webp\" data-srcset=\"https:\/\/caletasuitestenerife.com\/wp-content\/uploads\/2024\/03\/apto-107-7.webp 1920w, https:\/\/caletasuitestenerife.com\/wp-content\/uploads\/2024\/03\/apto-107-7-300x225.webp 300w, https:\/\/caletasuitestenerife.com\/wp-content\/uploads\/2024\/03\/apto-107-7-1024x768.webp 1024w\" data-sizes=\"(max-width: 1920px) 100vw, 1920px\" data-aspect=\"1.3333333333333\" \/><\/a>\n\t\t\t<\/div><\/figure><figure class='gallery-item'>\n\t\t\t<div class='gallery-icon landscape'>\n\t\t\t\t<a data-elementor-open-lightbox=\"yes\" data-elementor-lightbox-slideshow=\"15473900\" data-elementor-lightbox-title=\"Renders Caleta Suites Tenerife\" data-e-action-hash=\"#elementor-action%3Aaction%3Dlightbox%26settings%3DeyJpZCI6NDMyMywidXJsIjoiaHR0cHM6XC9cL2NhbGV0YXN1aXRlc3RlbmVyaWZlLmNvbVwvd3AtY29udGVudFwvdXBsb2Fkc1wvMjAyNFwvMDVcL2FwdG8tMTA3LTNELndlYnAiLCJzbGlkZXNob3ciOiIxNTQ3MzkwMCJ9\" href='https:\/\/caletasuitestenerife.com\/wp-content\/uploads\/2024\/05\/apto-107-3D.webp'><img loading=\"lazy\" decoding=\"async\" width=\"1920\" height=\"1440\" src=\"data:image\/svg+xml;charset=utf-8,%3Csvg xmlns%3D&#039;http%3A%2F%2Fwww.w3.org%2F2000%2Fsvg&#039; viewBox%3D&#039;0 0 1920 1440&#039;%2F%3E\" class=\"attachment-full size-full ld-lazyload\" alt=\"\" data-src=\"https:\/\/caletasuitestenerife.com\/wp-content\/uploads\/2024\/05\/apto-107-3D.webp\" data-srcset=\"https:\/\/caletasuitestenerife.com\/wp-content\/uploads\/2024\/05\/apto-107-3D.webp 1920w, https:\/\/caletasuitestenerife.com\/wp-content\/uploads\/2024\/05\/apto-107-3D-300x225.webp 300w, https:\/\/caletasuitestenerife.com\/wp-content\/uploads\/2024\/05\/apto-107-3D-1024x768.webp 1024w\" data-sizes=\"(max-width: 1920px) 100vw, 1920px\" data-aspect=\"1.3333333333333\" \/><\/a>\n\t\t\t<\/div><\/figure>\n\t\t<\/div>\n\t\t<\/div>\n\t\t\t\t\t\t<\/div>\n\t\t\t\t<\/div>\n\t\t\t\t\t<\/div>\n\t\t\t\t<\/div>\n\t\t<div class=\"elementor-element elementor-element-2aea100d elementor-hidden-desktop elementor-hidden-tablet elementor-hidden-mobile e-flex e-con-boxed e-con e-parent\" data-id=\"2aea100d\" data-element_type=\"container\" data-e-type=\"container\">\n\t\t\t\t\t<div class=\"e-con-inner\">\n\t\t\t\t<div class=\"elementor-element elementor-element-4bf0ab28 elementor-widget elementor-widget-heading\" data-id=\"4bf0ab28\" data-element_type=\"widget\" data-e-type=\"widget\" data-widget_type=\"heading.default\">\n\t\t\t\t<div class=\"elementor-widget-container\">\n\t\t\t\t\t<h2 class=\"elementor-heading-title elementor-size-default\">Zonas Comunes<\/h2>\t\t\t\t<\/div>\n\t\t\t\t<\/div>\n\t\t\t\t<div class=\"elementor-element elementor-element-3f593040 gallery-spacing-custom elementor-widget elementor-widget-image-gallery\" data-id=\"3f593040\" data-element_type=\"widget\" data-e-type=\"widget\" data-widget_type=\"image-gallery.default\">\n\t\t\t\t<div class=\"elementor-widget-container\">\n\t\t\t\t\t\t\t<div class=\"elementor-image-gallery\">\n\t\t\t\t\t<\/div>\n\t\t\t\t\t\t<\/div>\n\t\t\t\t<\/div>\n\t\t\t\t\t<\/div>\n\t\t\t\t<\/div>\n\t\t\t\t<\/div>\n\t\t","protected":false},"excerpt":{"rendered":"<p>Galer\u00eda Caleta Suites Tenerife Apartamento 3 hab | planta 1 | vista mar Descubre la sofisticaci\u00f3n en nuestros apartamentos de lujo, donde cada detalle ha sido cuidadosamente elegido. Zonas Comunes<\/p>\n","protected":false},"author":3,"featured_media":0,"parent":0,"menu_order":0,"comment_status":"closed","ping_status":"closed","template":"","meta":{"footnotes":""},"class_list":["post-3344","page","type-page","status-publish","hentry"],"yoast_head":"<!-- This site is optimized with the Yoast SEO plugin v27.5 - https:\/\/yoast.com\/product\/yoast-seo-wordpress\/ -->\n<title>Galer\u00eda Apartamento 3 hab | planta 1 | vista mar - Caleta Suites<\/title>\n<meta name=\"robots\" content=\"index, follow, max-snippet:-1, max-image-preview:large, max-video-preview:-1\" \/>\n<link rel=\"canonical\" href=\"https:\/\/caletasuitestenerife.com\/es\/galeria-apartamento-3-hab-planta-1-vista-mar\/\" \/>\n<meta property=\"og:locale\" content=\"es_ES\" \/>\n<meta property=\"og:type\" content=\"article\" \/>\n<meta property=\"og:title\" content=\"Galer\u00eda Apartamento 3 hab | planta 1 | vista mar - Caleta Suites\" \/>\n<meta property=\"og:description\" content=\"Galer\u00eda Caleta Suites Tenerife Apartamento 3 hab | planta 1 | vista mar Descubre la sofisticaci\u00f3n en nuestros apartamentos de lujo, donde cada detalle ha sido cuidadosamente elegido. Zonas Comunes\" \/>\n<meta property=\"og:url\" content=\"https:\/\/caletasuitestenerife.com\/es\/galeria-apartamento-3-hab-planta-1-vista-mar\/\" \/>\n<meta property=\"og:site_name\" content=\"Caleta Suites\" \/>\n<meta property=\"article:modified_time\" content=\"2026-04-29T09:59:39+00:00\" \/>\n<meta property=\"og:image\" content=\"https:\/\/caletasuitestenerife.com\/wp-content\/uploads\/2024\/03\/apto-107-2.webp\" \/>\n<meta name=\"twitter:card\" content=\"summary_large_image\" \/>\n<meta name=\"twitter:label1\" content=\"Tiempo de lectura\" \/>\n\t<meta name=\"twitter:data1\" content=\"2 minutos\" \/>\n<script type=\"application\/ld+json\" class=\"yoast-schema-graph\">{\"@context\":\"https:\\\/\\\/schema.org\",\"@graph\":[{\"@type\":\"WebPage\",\"@id\":\"https:\\\/\\\/caletasuitestenerife.com\\\/gallery-3-bedrooms-apartment-floor-1-seaview\\\/\",\"url\":\"https:\\\/\\\/caletasuitestenerife.com\\\/es\\\/galeria-apartamento-3-hab-planta-1-vista-mar\\\/\",\"name\":\"Galer\u00eda Apartamento 3 hab | planta 1 | vista mar - Caleta Suites\",\"isPartOf\":{\"@id\":\"https:\\\/\\\/caletasuitestenerife.com\\\/#website\"},\"primaryImageOfPage\":{\"@id\":\"https:\\\/\\\/caletasuitestenerife.com\\\/es\\\/galeria-apartamento-3-hab-planta-1-vista-mar\\\/#primaryimage\"},\"image\":{\"@id\":\"https:\\\/\\\/caletasuitestenerife.com\\\/es\\\/galeria-apartamento-3-hab-planta-1-vista-mar\\\/#primaryimage\"},\"thumbnailUrl\":\"https:\\\/\\\/caletasuitestenerife.com\\\/wp-content\\\/uploads\\\/2024\\\/03\\\/apto-107-2.webp\",\"datePublished\":\"2024-02-15T14:38:07+00:00\",\"dateModified\":\"2026-04-29T09:59:39+00:00\",\"breadcrumb\":{\"@id\":\"https:\\\/\\\/caletasuitestenerife.com\\\/es\\\/galeria-apartamento-3-hab-planta-1-vista-mar\\\/#breadcrumb\"},\"inLanguage\":\"es\",\"potentialAction\":[{\"@type\":\"ReadAction\",\"target\":[\"https:\\\/\\\/caletasuitestenerife.com\\\/es\\\/galeria-apartamento-3-hab-planta-1-vista-mar\\\/\"]}]},{\"@type\":\"ImageObject\",\"inLanguage\":\"es\",\"@id\":\"https:\\\/\\\/caletasuitestenerife.com\\\/es\\\/galeria-apartamento-3-hab-planta-1-vista-mar\\\/#primaryimage\",\"url\":\"https:\\\/\\\/caletasuitestenerife.com\\\/wp-content\\\/uploads\\\/2024\\\/03\\\/apto-107-2.webp\",\"contentUrl\":\"https:\\\/\\\/caletasuitestenerife.com\\\/wp-content\\\/uploads\\\/2024\\\/03\\\/apto-107-2.webp\"},{\"@type\":\"BreadcrumbList\",\"@id\":\"https:\\\/\\\/caletasuitestenerife.com\\\/es\\\/galeria-apartamento-3-hab-planta-1-vista-mar\\\/#breadcrumb\",\"itemListElement\":[{\"@type\":\"ListItem\",\"position\":1,\"name\":\"Portada\",\"item\":\"https:\\\/\\\/caletasuitestenerife.com\\\/es\\\/\"},{\"@type\":\"ListItem\",\"position\":2,\"name\":\"Galer\u00eda Apartamento 3 hab | planta 1 | vista mar\"}]},{\"@type\":\"WebSite\",\"@id\":\"https:\\\/\\\/caletasuitestenerife.com\\\/#website\",\"url\":\"https:\\\/\\\/caletasuitestenerife.com\\\/\",\"name\":\"Caleta Suites\",\"description\":\"Apartamentos de Lujo\",\"potentialAction\":[{\"@type\":\"SearchAction\",\"target\":{\"@type\":\"EntryPoint\",\"urlTemplate\":\"https:\\\/\\\/caletasuitestenerife.com\\\/?s={search_term_string}\"},\"query-input\":{\"@type\":\"PropertyValueSpecification\",\"valueRequired\":true,\"valueName\":\"search_term_string\"}}],\"inLanguage\":\"es\"}]}<\/script>\n<!-- \/ Yoast SEO plugin. -->","yoast_head_json":{"title":"Galer\u00eda Apartamento 3 hab | planta 1 | vista mar - Caleta Suites","robots":{"index":"index","follow":"follow","max-snippet":"max-snippet:-1","max-image-preview":"max-image-preview:large","max-video-preview":"max-video-preview:-1"},"canonical":"https:\/\/caletasuitestenerife.com\/es\/galeria-apartamento-3-hab-planta-1-vista-mar\/","og_locale":"es_ES","og_type":"article","og_title":"Galer\u00eda Apartamento 3 hab | planta 1 | vista mar - Caleta Suites","og_description":"Galer\u00eda Caleta Suites Tenerife Apartamento 3 hab | planta 1 | vista mar Descubre la sofisticaci\u00f3n en nuestros apartamentos de lujo, donde cada detalle ha sido cuidadosamente elegido. Zonas Comunes","og_url":"https:\/\/caletasuitestenerife.com\/es\/galeria-apartamento-3-hab-planta-1-vista-mar\/","og_site_name":"Caleta Suites","article_modified_time":"2026-04-29T09:59:39+00:00","og_image":[{"url":"https:\/\/caletasuitestenerife.com\/wp-content\/uploads\/2024\/03\/apto-107-2.webp","type":"","width":"","height":""}],"twitter_card":"summary_large_image","twitter_misc":{"Tiempo de lectura":"2 minutos"},"schema":{"@context":"https:\/\/schema.org","@graph":[{"@type":"WebPage","@id":"https:\/\/caletasuitestenerife.com\/gallery-3-bedrooms-apartment-floor-1-seaview\/","url":"https:\/\/caletasuitestenerife.com\/es\/galeria-apartamento-3-hab-planta-1-vista-mar\/","name":"Galer\u00eda Apartamento 3 hab | planta 1 | vista mar - Caleta Suites","isPartOf":{"@id":"https:\/\/caletasuitestenerife.com\/#website"},"primaryImageOfPage":{"@id":"https:\/\/caletasuitestenerife.com\/es\/galeria-apartamento-3-hab-planta-1-vista-mar\/#primaryimage"},"image":{"@id":"https:\/\/caletasuitestenerife.com\/es\/galeria-apartamento-3-hab-planta-1-vista-mar\/#primaryimage"},"thumbnailUrl":"https:\/\/caletasuitestenerife.com\/wp-content\/uploads\/2024\/03\/apto-107-2.webp","datePublished":"2024-02-15T14:38:07+00:00","dateModified":"2026-04-29T09:59:39+00:00","breadcrumb":{"@id":"https:\/\/caletasuitestenerife.com\/es\/galeria-apartamento-3-hab-planta-1-vista-mar\/#breadcrumb"},"inLanguage":"es","potentialAction":[{"@type":"ReadAction","target":["https:\/\/caletasuitestenerife.com\/es\/galeria-apartamento-3-hab-planta-1-vista-mar\/"]}]},{"@type":"ImageObject","inLanguage":"es","@id":"https:\/\/caletasuitestenerife.com\/es\/galeria-apartamento-3-hab-planta-1-vista-mar\/#primaryimage","url":"https:\/\/caletasuitestenerife.com\/wp-content\/uploads\/2024\/03\/apto-107-2.webp","contentUrl":"https:\/\/caletasuitestenerife.com\/wp-content\/uploads\/2024\/03\/apto-107-2.webp"},{"@type":"BreadcrumbList","@id":"https:\/\/caletasuitestenerife.com\/es\/galeria-apartamento-3-hab-planta-1-vista-mar\/#breadcrumb","itemListElement":[{"@type":"ListItem","position":1,"name":"Portada","item":"https:\/\/caletasuitestenerife.com\/es\/"},{"@type":"ListItem","position":2,"name":"Galer\u00eda Apartamento 3 hab | planta 1 | vista mar"}]},{"@type":"WebSite","@id":"https:\/\/caletasuitestenerife.com\/#website","url":"https:\/\/caletasuitestenerife.com\/","name":"Caleta Suites","description":"Apartamentos de Lujo","potentialAction":[{"@type":"SearchAction","target":{"@type":"EntryPoint","urlTemplate":"https:\/\/caletasuitestenerife.com\/?s={search_term_string}"},"query-input":{"@type":"PropertyValueSpecification","valueRequired":true,"valueName":"search_term_string"}}],"inLanguage":"es"}]}},"_links":{"self":[{"href":"https:\/\/caletasuitestenerife.com\/es\/wp-json\/wp\/v2\/pages\/3344","targetHints":{"allow":["GET"]}}],"collection":[{"href":"https:\/\/caletasuitestenerife.com\/es\/wp-json\/wp\/v2\/pages"}],"about":[{"href":"https:\/\/caletasuitestenerife.com\/es\/wp-json\/wp\/v2\/types\/page"}],"author":[{"embeddable":true,"href":"https:\/\/caletasuitestenerife.com\/es\/wp-json\/wp\/v2\/users\/3"}],"replies":[{"embeddable":true,"href":"https:\/\/caletasuitestenerife.com\/es\/wp-json\/wp\/v2\/comments?post=3344"}],"version-history":[{"count":20,"href":"https:\/\/caletasuitestenerife.com\/es\/wp-json\/wp\/v2\/pages\/3344\/revisions"}],"predecessor-version":[{"id":6574,"href":"https:\/\/caletasuitestenerife.com\/es\/wp-json\/wp\/v2\/pages\/3344\/revisions\/6574"}],"wp:attachment":[{"href":"https:\/\/caletasuitestenerife.com\/es\/wp-json\/wp\/v2\/media?parent=3344"}],"curies":[{"name":"wp","href":"https:\/\/api.w.org\/{rel}","templated":true}]}}